{"id":4208,"date":"2019-12-12T12:39:44","date_gmt":"2019-12-12T10:39:44","guid":{"rendered":"https:\/\/www.bjcalarasi.ro\/?page_id=4208"},"modified":"2019-12-12T12:39:46","modified_gmt":"2019-12-12T10:39:46","slug":"ghinoiu-ion","status":"publish","type":"page","link":"https:\/\/www.bjcalarasi.ro\/?page_id=4208","title":{"rendered":"Ghinoiu Ion"},"content":{"rendered":"\n<figure class=\"wp-block-image\"><img loading=\"lazy\" decoding=\"async\" width=\"197\" height=\"256\" src=\"https:\/\/www.bjcalarasi.ro\/wp-content\/uploads\/2019\/12\/Ghinoiu-Ion.jpg\" alt=\"\" class=\"wp-image-4210\"\/><\/figure>\n\n\n\n<p>GHINOIU, Ion (n\u0103scut la 7\nseptembrie 1941, \u00een Fundulea<a href=\"#_ftn1\">[1]<\/a>,\njude\u0163ul C\u0103l\u0103ra\u015fi<em>)<\/em><\/p>\n\n\n\n<p><strong>Descriere:<\/strong> s-a n\u0103scut \u00eentr-un mediu etnografic, iar pasiunea pentru acest mediu\n\u00eencol\u021bindu-i<em> dup\u0103 terminarea Facult\u0103\u0163ii\nde Geografie, din momentul angaj\u0103rii la Institutul de Etnografie \u015fi Folclor\n\u00abConstantin Br\u0103iloiu\u00bb.<\/em><\/p>\n\n\n\n<p>\u201e<em>C\u00e2nd scriu\nm\u0103 rog s\u0103 am putere \u015fi pricepere de a m\u0103 exprima \u00een a\u015fa fel, \u00eenc\u00e2t ceea ce voi\na\u015fterne pe h\u00e2rtie s\u0103 \u00een\u0163eleag\u0103 \u015fi p\u0103rin\u0163ii mei, \u0163\u0103rani de pe Mosti\u015ftea. Ca t\u00e2n\u0103r\netnograf doream s\u0103 \u00eenregistrez de pe<a href=\"http:\/\/www.imopedia.ro\/bucuresti\/vanzari-terenuri.html\" target=\"_blank\" rel=\"noreferrer noopener\"> teren<\/a>\ninforma\u0163ii c\u00e2t mai complete privind cultura \u015fi civiliza\u0163ia popular\u0103, ast\u0103zi\nsistematizez informa\u0163iile consemnate \u015fi le pun la ad\u0103post \u00eempreun\u0103 cu harnicul\nmeu colectiv de lucru prin dou\u0103 lucr\u0103ri: \u201dAtlasul Etnografic Rom\u00e2n\u201d \u015fi corpusul\nde \u201dDocumente Etnografice Rom\u00e2ne\u015fti\u201d. Timpul a fost dintotdeauna reperul care\nmi-a ordonat cu mare rigoare via\u0163a<\/em>\u201d<a href=\"#_ftn2\">[2]<\/a>.<\/p>\n\n\n\n<p>Specialist al culturii populare, dup\u0103 mult\u0103 munc\u0103 a ajuns s\u0103 poat\u0103 privi\ncultura at\u00e2t din interior, c\u00e2t \u015fi din exterior. Toat\u0103 cariera \u015fi-a dedicat-o\nrealiz\u0103rii <em>Atlasului Etnografic Rom\u00e2n<\/em>.\nA str\u0103b\u0103tut \u015fi cercetat aproximativ 600 de sate ale Rom\u00e2niei \u015fi a aplicat\nchestionare (1.200 de \u00eentreb\u0103ri) la peste 12.000 de subiec\u0163i. Toate acestea\nle-a f\u0103cut \u00een decursul a 30 de ani. \u201e<em>E\nmult, e pu\u0163in, r\u0103m\u00e2ne s\u0103 aprecieze cei care vor veni dup\u0103 noi \u015fi vor analiza\nceea ce am realizat<\/em>\u201d<a href=\"#_ftn3\">[3]<\/a>.<\/p>\n\n\n\n<p>Personalitate marcant\u0103 a etnologiei rom\u00e2ne\u0219ti\ncontemporane este prieten \u0219i colaborator al V\u00e2lcii, motiv pentru care&nbsp; CJCPCT V\u00e2lcea, \u00een parteneriat cu Biblioteca\nJude\u021bean\u0103 \u201dAntim Ivireanul\u201d V\u00e2lcea, Muzeul Satului V\u00e2lcean \u0219i Ateneul Me\u0219terul\nManole, a realizat documentarul bibliografic <em>Ion Ghinoiu, un arheolog al\narhietipurilor<\/em>, editat de Ateneul Me\u0219terul Manole \u2013 Editura F\u00e2nt\u00e2na lui\nManole, CJCPCT V\u00e2lcea \u2013 Editura Patrimoniu, R\u00e2mnicu-V\u00e2lcea, septembrie 2011.\nDocumentarul cuprinde o suit\u0103 de m\u0103rturii \u015fi aprecieri ale prestigiosului\netnolog, semnate de conf. univ. dr. Ioan St. Laz\u0103r (<em>Ion Ghinoiu \u0219i opera sa\nde<\/em> <em>\u201eCuvinte din b\u0103tr\u00e2ni\u201d)<\/em>; prof. Nicolae Ciurea-Genuneni (<em>C\u0103ut\u0103tor\nal aurului mitologic autohton<\/em>);\nprof. Elena Stoica (<em>T\u0103lm\u0103citor al spiritualit\u0103\u021bii rom\u00e2ne\u0219ti<\/em>).<\/p>\n\n\n\n<p><a><strong>Studii:<\/strong><\/a>frecventeaz\u0103\n\u015fcoala elementar\u0103 \u00een ora\u015ful natal, dup\u0103 care \u015ecoala Pedagogic\u0103 (1956-1959) la\nBucure\u015fti; Facultatea de Geografie-Geologie (1962-1967); \u00een anul 1979 ob\u021bine\ntitlul de doctor \u00een \u0219tiin\u021be.<\/p>\n\n\n\n<p><strong>Profesia\/Ocupa\u021bia:<\/strong><strong><em>\n<\/em><\/strong>etnograf, folclorist.<\/p>\n\n\n\n<p><strong>Activitatea\nprofesional\u0103\/Func\u021bii:<\/strong><strong><em> <\/em><\/strong>\u00eenv\u0103\u0163\u0103tor \u00een comuna Independen\u0163a (1959-1960) \u015fi\n\u00een Fundulea (1960-1962); cercet\u0103tor \u015ftiin\u0163ific la Institutul de Etnografie \u015fi\nFolclor din Bucure\u015fti (1967), unde ajunge \u015feful sectorului de etnografie (1986-1991);\nsecretar \u015ftiin\u0163ific al Institutului de Etnografie \u015fi Folclor \u201dConstantin Br\u0103iloiu\u201d;coordonator al Atlasului Etnografic Rom\u00e2n; membru \u00een Colegiul \u201dRevistei de Etnografie \u015fi Folclor\u201d; \u00eentre 1990 \u015fi 1992 a fost\nsecretar \u015ftiin\u0163ific la Institutul de Tracologie din Bucure\u015fti.<\/p>\n\n\n\n<p><strong>Colabor\u0103ri\nla publica\u021bii:<\/strong>\u201dRevistei de Etnografie \u015fi Folclor\u201d.<\/p>\n\n\n\n<p><strong>Opera:<\/strong> <em>V\u00e2rstele timpului<\/em>, Editura \u015etiin\u0163a, Chi\u015fin\u0103u,\n1994; <em>Obiceiuri populare de peste an<\/em>, Editura Funda\u0163iei\nCulturale Rom\u00e2ne, Bucure\u015fti, 1997; <em>Lumea de aici, lumea de\ndincolo: ipostaze rom\u00e2ne\u015fti ale nemuririi<\/em>, Editura Funda\u0163iei\nCulturale Rom\u00e2ne, Bucure\u015fti, 1999; <em>Zile \u015fi mituri. Calendarul\n\u0163\u0103ranului rom\u00e2n 2000<\/em>, Editura Funda\u0163iei Pro, Bucure\u015fti 1999; <em>Peisaje etnografice rom\u00e2ne\u015fti<\/em> = <em>Romanian Etnographic Landscapes<\/em>, (\u00een colaborare), Editura\nNoi Media Print, Bucure\u015fti, 2000; <em>Panteonul rom\u00e2nesc: dic\u0163ionar,<\/em> Editura\nEnciclopedic\u0103, Bucure\u015fti, 2001; <em>\u201dPro Patria\u201d: [Cimitirul\neroilor germani din Bucure\u015fti]: In Memoriam: [listele solda\u0163ilor \u00eenmorm\u00e2nta\u0163i]<\/em>, Biblioteca\nBucure\u015ftilor, Bucure\u015fti, 2001; <em>S\u0103rb\u0103tori \u015fi obiceiuri\nrom\u00e2ne\u015fti<\/em>, Editura Elion, Bucure\u015fti, 2002; <em>C\u0103lu\u015ful: Istorie \u015fi documente<\/em> =<em> Le C\u0103lu\u015f: Histoire et documents<\/em>, Editura Funda\u0163iei \u201dUniversitatea\npentru To\u0163i\u201d, Slatina, 2003; <em>C\u0103r\u0103rile sufletului<\/em>, Editura Etnologic\u0103,\nBucure\u015fti, 2004. <\/p>\n\n\n\n<p>A coordonat lucr\u0103ri\n\u00een mai multe volume precum: <em>Sociologia \u015fi etnografia\ncomunit\u0103\u0163ilor \u0163\u0103r\u0103ne\u015fti: studii de caz<\/em>, Editura Funda\u0163iei\nNa\u0163ionale pentru Civiliza\u0163ie Rural\u0103 \u201dNi\u015fte \u0162\u0103rani\u201d, Bucure\u015fti, 2000-; <em>S\u0103rb\u0103tori \u015fi obiceiuri. R\u0103spunsuri la chestionarele Atlasului Etnografic\nRom\u00e2n<\/em>, Editura Enciclopedic\u0103, Bucure\u015fti, 2001-; <em>Atlasul etnografic rom\u00e2n<\/em>, Editura Academiei\nRom\u00e2ne; Regia Autonom\u0103 \u201dMonitorul Oficial\u201d, Bucure\u015fti, 2003<em>;&nbsp;<\/em><em>C\u0103r\u0103rile sufletului<\/em>, Editura Etnologic\u0103,\nBucure\u0219ti, 2004; <em>Mic\u0103 enciclopedie de tradi\u021bii rom\u00e2ne\u0219ti<\/em>, Editura Agora,\nC\u0103l\u0103ra\u0219i, 2008; <em>Habitatul<\/em>, vol. al II-lea: <em>Banat,\nCri\u0219ana, Maramure\u0219<\/em>, Editura Etnologic\u0103, Bucure\u0219ti, 2010; <em>Dic\u021bionar de\nmitologie roman\u0103<\/em>, <a>Editura Univers Enciclopedic\nGold, Bucure\u0219ti, 2013<\/a>;&nbsp; <em>Zeii\npastorali &#8211; Mitologie Roman\u0103<\/em>, Editura Univers Enciclopedic Gold, Bucure\u0219ti,\n2014; <em>Calendarul \u021a\u0103ranului rom\u00e2n. Zile \u0219i mituri<\/em>, Editura Univers\nEnciclopedic Gold, Bucure\u0219ti, 2017.<strong><\/strong><\/p>\n\n\n\n<p><a><strong>Referin\u021be critice:<\/strong><\/a><strong> <\/strong>aprecieri din parteaconf. univ. dr. Ioan St. Laz\u0103r (<em>Ion Ghinoiu \u0219i opera sa de<\/em> <em>\u201eCuvinte\ndin b\u0103tr\u00e2ni\u201d)<\/em>, prof. Nicolae Ciurea-Genuneni (<em>C\u0103ut\u0103tor al aurului\nmitologic autohton<\/em>), prof.\nElena Stoica (<em>T\u0103lm\u0103citor al spiritualit\u0103\u021bii rom\u00e2ne\u0219ti<\/em>), eseistului, publicistului \u015fi editorului\nGheorghe Deaconu.<\/p>\n\n\n\n<p><strong>Surse\nbibliografice<\/strong><strong>:<\/strong><\/p>\n\n\n\n<p><em>Dic\u0163ionarul\nGeneral al Literaturii Rom\u00e2ne<\/em>, vol. III, Editura Univers Enciclopedic, Bucure\u015fti,\n2005, p. 347.<\/p>\n\n\n\n<p>DEACONU, Gheorghe, STOICA,\nElena, <em>Cultura tradi\u021bional\u0103 din V\u00e2lcea 1968-2013. O istorie concentrat\u0103 \u0219i\nilustrat\u0103<\/em>, Editura Patrimoniu, R\u00e2mnicu V\u00e2lcea, 2013.<strong><\/strong><\/p>\n\n\n\n<p><a><strong>Surse website<\/strong><\/a><strong>:<\/strong><\/p>\n\n\n\n<p><a href=\"http:\/\/www.istorielocala.ro\/index.php\/biblioteca-judeteana-antim-ivireanul-valcea\/item\/1484-medalion-aniversar-%E2%80%9Eion-ghinoiu%E2%80%9D-70.html\">http:\/\/www.istorielocala.ro\/index.php\/biblioteca-judeteana-antim-ivireanul-valcea\/item\/1484-medalion-aniversar-%E2%80%9Eion-ghinoiu%E2%80%9D-70.html<\/a> (10 martie 2015,\narticol de VLBiblioteca)<\/p>\n\n\n\n<p><a href=\"https:\/\/jurnalul.antena3.ro\/calendar\/astazi-e-ziua-ta-ion-ghinoiu-133083.html\">https:\/\/jurnalul.antena3.ro\/calendar\/astazi-e-ziua-ta-ion-ghinoiu-133083.html<\/a><\/p>\n\n\n\n<p><a href=\"http:\/\/www.romania-actualitati.ro\/profesorul_ion_ghinoiu_si_cartea_romaneasca_a_mortilor-8614\">http:\/\/www.romania-actualitati.ro\/profesorul_ion_ghinoiu_si_cartea_romaneasca_a_mortilor-8614<\/a><\/p>\n\n\n\n<figure class=\"wp-block-embed-scribd wp-block-embed is-type-rich is-provider-scribd wp-embed-aspect-9-16 wp-has-aspect-ratio\"><div class=\"wp-block-embed__wrapper\">\n<iframe loading=\"lazy\" title=\"C\u0102L\u0102RA\u015eI SENTIMENTAL\" class=\"scribd_iframe_embed\" src=\"https:\/\/www.scribd.com\/embeds\/171852596\/content\" data-aspect-ratio=\"0.7729220222793488\" scrolling=\"no\" id=\"171852596\" width=\"1000\" height=\"1000\" frameborder=\"0\"><\/iframe><script type=\"text\/javascript\">          (function() { var scribd = document.createElement(\"script\"); scribd.type = \"text\/javascript\"; scribd.async = true; scribd.src = \"https:\/\/www.scribd.com\/javascripts\/embed_code\/inject.js\"; var s = document.getElementsByTagName(\"script\")[0]; s.parentNode.insertBefore(scribd, s); })()        <\/script>\n<\/div><\/figure>\n\n\n\n<p><a href=\"https:\/\/www.infomuntenia.ro\/valori-calarasene-ion-ghinoiu\/2009\/05\">https:\/\/www.infomuntenia.ro\/valori-calarasene-ion-ghinoiu\/2009\/05<\/a> (de Constantin Mitulescu)<\/p>\n\n\n\n<p><strong>Sursa foto<\/strong><strong>: <\/strong><a href=\"http:\/\/www.istorielocala.ro\/images\/ghinoiu1.jpg\">http:\/\/www.istorielocala.ro\/images\/ghinoiu1.jpg<\/a><br><\/p>\n\n\n\n<hr class=\"wp-block-separator\"\/>\n\n\n\n<p><a href=\"#_ftnref1\">[1]<\/a>\n\u00cen\ntrecut, comuna Cr\u00e2ngul-Fundulele \u015fi f\u0103cea parte din plasa Mosti\u015ftea a jud.\nIlfov.<\/p>\n\n\n\n<p><a href=\"#_ftnref2\">[2]<\/a> A se vedea URL: <a href=\"https:\/\/jurnalul.antena3.ro\/calendar\/astazi-e-ziua-ta-ion-ghinoiu-133083.html\">https:\/\/jurnalul.antena3.ro\/calendar\/astazi-e-ziua-ta-ion-ghinoiu-133083.html<\/a> (8 septembrie 2008, articol de Ramona\nVintil\u0103)<\/p>\n\n\n\n<p><a href=\"#_ftnref3\">[3]<\/a> A se vedea URL: <a href=\"https:\/\/jurnalul.antena3.ro\/calendar\/astazi-e-ziua-ta-ion-ghinoiu-553823.html%20(7\">https:\/\/jurnalul.antena3.ro\/calendar\/astazi-e-ziua-ta-ion-ghinoiu-553823.html\n(7<\/a> septembrie 2010, articol de Ramona\nVintil\u0103)<\/p>\n","protected":false},"excerpt":{"rendered":"<p>GHINOIU, Ion (n\u0103scut la 7 septembrie 1941, \u00een Fundulea[1], jude\u0163ul C\u0103l\u0103ra\u015fi) Descriere: s-a n\u0103scut \u00eentr-un mediu etnografic, iar pasiunea pentru acest mediu \u00eencol\u021bindu-i dup\u0103 terminarea Facult\u0103\u0163ii de Geografie, din momentul angaj\u0103rii la Institutul de Etnografie \u015fi Folclor \u00abConstantin Br\u0103iloiu\u00bb. \u201eC\u00e2nd scriu m\u0103 rog s\u0103 am putere \u015fi pricepere de a m\u0103 exprima \u00een a\u015fa fel, [&hellip;]<\/p>\n","protected":false},"author":1,"featured_media":0,"parent":0,"menu_order":0,"comment_status":"closed","ping_status":"closed","template":"","meta":{"ngg_post_thumbnail":0,"footnotes":""},"class_list":["post-4208","page","type-page","status-publish","hentry"],"_links":{"self":[{"href":"https:\/\/www.bjcalarasi.ro\/index.php?rest_route=\/wp\/v2\/pages\/4208","targetHints":{"allow":["GET"]}}],"collection":[{"href":"https:\/\/www.bjcalarasi.ro\/index.php?rest_route=\/wp\/v2\/pages"}],"about":[{"href":"https:\/\/www.bjcalarasi.ro\/index.php?rest_route=\/wp\/v2\/types\/page"}],"author":[{"embeddable":true,"href":"https:\/\/www.bjcalarasi.ro\/index.php?rest_route=\/wp\/v2\/users\/1"}],"replies":[{"embeddable":true,"href":"https:\/\/www.bjcalarasi.ro\/index.php?rest_route=%2Fwp%2Fv2%2Fcomments&post=4208"}],"version-history":[{"count":1,"href":"https:\/\/www.bjcalarasi.ro\/index.php?rest_route=\/wp\/v2\/pages\/4208\/revisions"}],"predecessor-version":[{"id":4211,"href":"https:\/\/www.bjcalarasi.ro\/index.php?rest_route=\/wp\/v2\/pages\/4208\/revisions\/4211"}],"wp:attachment":[{"href":"https:\/\/www.bjcalarasi.ro\/index.php?rest_route=%2Fwp%2Fv2%2Fmedia&parent=4208"}],"curies":[{"name":"wp","href":"https:\/\/api.w.org\/{rel}","templated":true}]}}