{"id":4223,"date":"2019-12-12T12:53:29","date_gmt":"2019-12-12T10:53:29","guid":{"rendered":"https:\/\/www.bjcalarasi.ro\/?page_id=4223"},"modified":"2019-12-12T12:53:30","modified_gmt":"2019-12-12T10:53:30","slug":"panait-panait-i","status":"publish","type":"page","link":"https:\/\/www.bjcalarasi.ro\/?page_id=4223","title":{"rendered":"Panait Panait I."},"content":{"rendered":"\n<figure class=\"wp-block-image\"><img loading=\"lazy\" decoding=\"async\" width=\"222\" height=\"227\" src=\"https:\/\/www.bjcalarasi.ro\/wp-content\/uploads\/2019\/12\/Panait-Panait-I.jpg\" alt=\"\" class=\"wp-image-4224\" srcset=\"https:\/\/www.bjcalarasi.ro\/wp-content\/uploads\/2019\/12\/Panait-Panait-I.jpg 222w, https:\/\/www.bjcalarasi.ro\/wp-content\/uploads\/2019\/12\/Panait-Panait-I-64x64.jpg 64w\" sizes=\"auto, (max-width: 222px) 100vw, 222px\" \/><\/figure>\n\n\n\n<p>PANAIT, Panait I. (n\u0103scut la\n25 noiembrie 1931, \u00een satul Pietroiu, comuna Borcea, jude\u021bul C\u0103l\u0103ra\u0219i \u0219i\ndecedat la 21 martie 2015, la Bucure\u0219ti)<\/p>\n\n\n\n<p><a><strong>Descriere:\n<\/strong><\/a>profesorulPanait I. Panait a v\u0103zut lumina zilei \u00een satul Pietroiu din comuna\nBorcea, jude\u0163ul C\u0103l\u0103ra\u015fi, \u00een familia preotului Ioan M. Panait \u015fi a\npreotesei Vasilichia, care locuiau \u00een casa\nbunicului matern, T\u0103nase Nicolae B\u0103t\u0103cel (preot hirotonisit de Episcopia din\nConstan\u021ba).<\/p>\n\n\n\n<p>T\u00e2n\u0103rul\npreot Ioan M. Panait a fost repartizat, la sf\u00e2r\u0219itul lui 1931, \u00een parohia\nTurk\u0219mil din Durostor, un sat de coloni\u0219ti, ultima localitate a Rom\u00e2niei, pe\n\u0219oseaua Turtukaia-Rusciuk (azi Ruse, Bulgaria). Acolo, preotul Ioan M. Panait,\nsprijinit de enoria\u0219i, a ridicat o biseric\u0103, o \u0219coal\u0103 \u0219i o cas\u0103 parohial\u0103. Aici\n\u0219i-a \u00eenceput Panait I. Panait \u0219coala elementar\u0103, sub \u00eendrumarea familiei de\n\u00eenv\u0103\u021b\u0103tori Georgescu, coloni\u0219ti \u0219i ei pe aceast\u0103 extrem\u0103 a \u021b\u0103rii, unde\nconvie\u021buiau \u00eentr-un mozaic etnic complet, rom\u00e2ni, turci, bulgari \u0219i arom\u00e2ni. <\/p>\n\n\n\n<p>La numai\n9 ani Panait, avea s\u0103 cunoasc\u0103 convulsiile provocate de cedarea Cadrilaterului.\nRefugiul familiei Panait s-a f\u0103cut \u00een comuna Jeg\u0103lia, aflat\u0103 la 5 km de\nPietroiu. Clasele a III-a \u0219i a IV-a, apoi&nbsp;\n\u0219i a V-a, le-a urmat aici, dup\u0103 care a urmat cursurile Liceului de\nb\u0103ie\u021bi \u201d\u0218tirbei Vod\u0103\u201d din C\u0103l\u0103ra\u0219i. <\/p>\n\n\n\n<p>La finele\ncelor 12 clase, \u00een 1951, s-a \u00eenscris la Facultatea de Istorie a Universit\u0103\u021bii \u201dC.\nI. Parhon\u201d. \u00cen urma rezultatelor foarte bune ob\u021binute \u00eenc\u0103 din primul semestru\nde facultate, decanatul i-a propus ca \u00een vacan\u021ba de var\u0103 s\u0103 lucreze, cu indemniza\u021bia\ncuvenit\u0103 pe un \u0219antier arheologic. A fost repartizat \u00eempreun\u0103 cu Radu Popa, la\n\u0218antierul Suceava, unde a lucrat la Cetatea de Vest Scheia atribuit\u0103 lui Petru\nMu\u0219at, la Curtea Domneasc\u0103 \u0219i \u00een centrul ora\u0219ului. Examenul de licen\u021b\u0103 l-a\nsus\u0163inut \u00een vara anului 1956, primind diploma de \u201dDiplomat universitar Istorie\u201d\nal Universit\u0103\u021bii \u201dC. I. Parhon\u201d.<\/p>\n\n\n\n<p><a><strong>Studii:<\/strong><\/a> \u015ecoala primar\u0103 a f\u0103cut-o \u00een comuna natal\u0103\nJeg\u0103lia (1938-1946), urm\u00e2nd, apoi, p\u00e2n\u0103 \u00een anul 1950, studiile liceale la\nC\u0103l\u0103ra\u015fi (Liceul de b\u0103ie\u021bi \u201d\u0218tirbei Vod\u0103\u201d);\n\u00een continuare a urmat, \u00eentre anii 1951-1956, cursurile Facult\u0103\u0163ii de Istorie a\nUniversit\u0103\u0163ii Bucure\u015fti; \u00ee\u015fi ia doctoratul\n\u00een istorie la Universitatea din Bucure\u0219ti (1976).<\/p>\n\n\n\n<p><strong>Profesia\/Ocupa\u021bia: <\/strong>istoric, arheolog, biograf.<\/p>\n\n\n\n<p><strong>Activitatea profesional\u0103\/Func\u021bii: <\/strong>\u0219i-a desf\u0103\u0219urat activitatea \u00een domeniul arheologiei medievale, a istoriei\nfeudale \u0219i a muzeologiei; la 1 august 1956 se angajeaz\u0103 ca secretar la\nSocietatea de \u0218tiin\u021be Istorice \u0219i Filologice, post pe care l-a ocupat p\u00e2n\u0103 \u00een\nluna decembrie, c\u00e2nd a primit transferul la Muzeul de Istorie Bucure\u0219ti; \u00een\nprim\u0103vara lui 1957, a urmat malurile D\u00e2mbovi\u021bei \u0219i Colentinei descoperind\na\u0219ez\u0103rile de la Ro\u0219u, C\u00e2mpul Boja, Str\u0103ule\u0219ti-Lunca, Sr\u0103ule\u0219ti-Alba,\nB\u0103neasa-sat, Pantelimon, Fundeni \u0219i lucr\u00e2nd \u00een acela\u0219i timp \u0219i la \u0219antierul de\nrestaurare de la Palatul Su\u021bu; \u00een calitate de arheolog a condus cercet\u0103rile la\nCurtea Veche, Curtea Nou\u0103, Str\u0103ule\u0219ti-B\u0103neasa, Turnul Col\u021bei, R\u0103zoare,\nCotroceni \u0219i Hanul lui Manuc; conferen\u021biar universitar la Universitatea \u201dOvidius\u201d\ndin Constan\u021ba; \u0219ef de sec\u021bia \u00een cadrul Muzeului de Istorie Bucure\u0219ti \u0219i, mai\napoi, director al acestei institu\u021bii; \u015feful Oficiului Patrimoniului Cultural al\nCapitalei; membru al colegiilor de redac\u021bie ale publica\u021biilor \u201dBucure\u0219ti\u201d \u0219i\n\u201dCercet\u0103ri arheologice\u201d din Bucure\u0219ti; membru al Societ\u0103\u021bii de Istorie \u0219i\nArheologie agrar\u0103; \u0219eful Comisiei de Istorie a ora\u0219elor din Rom\u00e2nia.&nbsp; <\/p>\n\n\n\n<p>Arheolog\n\u015fi cercet\u0103tor pasionat \u015fi dedicat profesiei, profesorul Panait I. Panait a\ncreat o oper\u0103 remarcabil\u0103, concretizat\u0103 \u00een numeroase c\u0103r\u0163i, studii \u015fi articole\npublicate. \u00cen activitatea de cercetare a trecutului istoric \u015fi-a concentrat\npreocup\u0103rile \u015fi studiul asupra domeniului arheologiei medievale, ale c\u0103rei\nrezultate le-a extins, completat \u015fi pus \u00een valoare prin cercet\u0103ri istorice\nsubstan\u0163iale, domnia sa fiind, deopotriv\u0103, \u201e<em>arheolog \u015fi istoric medievist\nconsacrat istoriei Bucure\u015ftilor\u201d<\/em>.<\/p>\n\n\n\n<p>Cu aceea\u015fi\ncompeten\u0163\u0103 \u015fi aten\u0163ie a abordat domnul Panait \u015fi problemele specifice de\nmuzeologie. Cunoscut ca fiind un orator pasionat, dar, totodat\u0103, permanent\nacoperit de datele cercet\u0103rii arheologice \u015fi istorice, precum \u015fi un exponent al\nunui deosebit sim\u0163 al m\u0103surii \u015fi echilibrului, s-a eviden\u0163iat prin participarea\nla numeroase conferin\u0163e publice, sesiuni \u015ftiin\u0163ifice, precum \u015fi prin prezen\u0163a,\n\u00een ultimii ani, la emisiunile TRINITAS TV, Radio TRINITAS, \u00een ziarul \u201dLUMINA\u201d,\naduc\u00e2nd mereu informa\u0163ii pre\u0163ioase referitoare la istoria neamului rom\u00e2nesc.<\/p>\n\n\n\n<p>De\nasemenea, dup\u0103 anul 1990, istoricul Panait I. Panait a ad\u0103ugat bogatei activit\u0103\u0163i\nde cercetare \u015fi o remarcabil\u0103 carier\u0103 didactic\u0103 universitar\u0103, transmi\u0163\u00e2nd, \u015fi\npe aceast\u0103 cale, tinerelor genera\u0163ii valorile pe care le-a slujit o via\u0163\u0103\n\u00eentreag\u0103 cu mult\u0103 competen\u0163\u0103 \u015fi devotament.<\/p>\n\n\n\n<p><strong>Colabor\u0103ri la publica\u021bii: <\/strong>a colaborat cu studii \u015fi articole (a se vedea ANEXA) la diverse reviste\nde specialitate (arheologie, istorie, muzeologie).<\/p>\n\n\n\n<p><a><strong>Opera: <\/strong><\/a><em>Aspecte din\nlupta popula\u021biei bucure\u0219tene \u00eempotriva regimului turco-fanariot: 1716-1821<\/em>, Muzeul de\nIstorie a Ora\u0219ului Bucure\u0219ti, Bucure\u0219ti, 1962; <em>Constantin Vod\u0103 Br\u00e2ncoveanu.\nVia\u021ba, Domnia, Epoca<\/em> (\u00een\ncolaborare), Editura \u0218tiin\u021bific\u0103, Bucure\u0219ti, 1969; <em>Muzeul Curtea Veche<\/em> (\u00een colaborare), Editura pentru\nTurism, Bucure\u0219ti, 1973; <em>Curtea Veche din Bucure\u0219ti<\/em> (\u00een colaborare), Editura pentru\nTurism, Bucure\u0219ti, 1974; <em>Arheologie medieval\u0103 rom\u00e2n\u0103<\/em> (\u00een colaborare),\nOvidius University Press, Constan\u021ba, 2004.<strong><\/strong><\/p>\n\n\n\n<p><strong>Premii <\/strong><strong>(Distinc\u021bii):\n<\/strong>decorat cu \u201dCrucea patriarhal\u0103\u201d de c\u0103tre patriarhul Daniel; a fost\ndistins de dou\u0103 ori cu \u201dMeritul\nCultural\u201d; Diploma de Onoare \u201dSf\u00e2ntul Apostol Andrei \u2013 Ocrotitorul\nRom\u00e2niei\u201d, acordat\u0103 de Patriarhia Rom\u00e2n\u0103 (2011); Diploma \u015fi Madalia Omagiale\n\u201dSfin\u0163ii Martiri Br\u00e2ncoveni\u201d (16 august 2014).<\/p>\n\n\n\n<p><strong>Surse bibliografice<\/strong><strong>:<\/strong><\/p>\n\n\n\n<p>C[onstantiniu],\nF[lorin] (1978), \u201dBuzatu, Gheorghe\u201d, \u00een: \u0218tef\u0103nescu, \u0218tefan (coordonator\n\u0219tiin\u021bific), &nbsp;Enciclopedia istoriografiei rom\u00e2ne\u0219ti,\nEditura \u0219tiin\u021bific\u0103 \u0219i enciclopedic\u0103, Bucure\u0219ti, p.&nbsp;77.<strong><\/strong><\/p>\n\n\n\n<p><a><strong>Surse website<\/strong><\/a><strong>:<\/strong><\/p>\n\n\n\n<p><a href=\"https:\/\/ro.wikipedia.org\/wiki\/Panait_I._Panait\">https:\/\/ro.wikipedia.org\/wiki\/Panait_I._Panait<\/a><\/p>\n\n\n\n<p><a href=\"https:\/\/adevarul.ro\/locale\/constanta\/a-murit-ilustrul-profesor-panait-i-panait-ne-a-predat-istoria-poveste-spun-fostii-studenti-despre-dascal-1_550fff3a448e03c0fdd2c3a8\/index.html%20(23\">https:\/\/adevarul.ro\/locale\/constanta\/a-murit-ilustrul-profesor-panait-i-panait-ne-a-predat-istoria-poveste-spun-fostii-studenti-despre-dascal-1_550fff3a448e03c0fdd2c3a8\/index.html (23<\/a> martie\n2015, articol de Mariana Iancu)<\/p>\n\n\n\n<p><a href=\"https:\/\/www.historia.ro\/sectiune\/actualitate\/articol\/a-murit-ilustrul-profesor-panait-i-panait-ne-a-predat-istoria-ca-o-poveste-spun-fostii-studenti-despre-dascal\">https:\/\/www.historia.ro\/sectiune\/actualitate\/articol\/a-murit-ilustrul-profesor-panait-i-panait-ne-a-predat-istoria-ca-o-poveste-spun-fostii-studenti-despre-dascal<\/a><\/p>\n\n\n\n<p><a href=\"http:\/\/cab.muzeulbucurestiului.ro\/?autor=11187-panait-panait-i\">http:\/\/cab.muzeulbucurestiului.ro\/?autor=11187-panait-panait-i<\/a><\/p>\n\n\n\n<p><a href=\"https:\/\/basilica.ro\/distins-arheolog-si-istoric-al-bucurestilor-profesorul-panait-i-panait-1931-2015\/\">https:\/\/basilica.ro\/distins-arheolog-si-istoric-al-bucurestilor-profesorul-panait-i-panait-1931-2015\/<\/a> (24\nmartie 2015)<\/p>\n\n\n\n<p><a href=\"http:\/\/patriarhia.ro\/distins-arheolog-si-istoric-al-bucurestilor-profesorul-panait-i-panait-1931-2015--7949.html\">http:\/\/patriarhia.ro\/distins-arheolog-si-istoric-al-bucurestilor-profesorul-panait-i-panait-1931-2015&#8211;7949.html<\/a><\/p>\n\n\n\n<p><a href=\"http:\/\/www.sfantulgheorghenou.ro\/profesorul-si-arheologul-dr-panait-i-panait-a-trecut-la-cele-vesnice-1931-2015-2015-03-22\/\">http:\/\/www.sfantulgheorghenou.ro\/profesorul-si-arheologul-dr-panait-i-panait-a-trecut-la-cele-vesnice-1931-2015-2015-03-22\/<\/a><\/p>\n\n\n\n<p><a href=\"http:\/\/revistamonumenteloristorice.ro\/?autor=11187-panait-panait-i\">http:\/\/revistamonumenteloristorice.ro\/?autor=11187-panait-panait-i<\/a><\/p>\n\n\n\n<p><strong>Sursa\nfoto<\/strong><strong>:<\/strong>\n<a href=\"https:\/\/foto.agerpres.ro\/foto\/detaliu\/171946\">https:\/\/foto.agerpres.ro\/foto\/detaliu\/171946<\/a>\n<\/p>\n\n\n\n<p>ANEXA<\/p>\n\n\n\n<p>Articole\n\u00een \u201dRevista Monumentelor\u201d:<\/p>\n\n\n\n<table class=\"wp-block-table\"><thead><tr><td>\n   <strong>Nr.<br>\n   crt.<\/strong>\n   <\/td><td>\n   <strong>Titlu Volum<\/strong>\n   <\/td><td>\n   <strong>Titlu articol<\/strong>\n   <\/td><td>\n   <strong>Sec\u021biunea<\/strong>\n   <\/td><td>\n   <strong>Autori<\/strong>\n   <\/td><\/tr><\/thead><tbody><tr><td>\n  1\n  <\/td><td>\n  \n   Buletinul Monumentelor\n       Istorice, Anul XXXIX, nr. 3, 1970 &nbsp; \n  \n  <\/td><td>\n  <a href=\"http:\/\/revistamonumenteloristorice.ro\/?articol=56977-cercetari-privind-turnul-coltei-din-bucuresti\">Cercet\u0103ri privind Turnul Col\u021bei din Bucure\u0219ti, pag. 3-8<\/a>\n  <\/td><td>\n  &nbsp;\n  <\/td><td>\n  \n   PANAIT, Panait I. &nbsp; \n  \n  <\/td><\/tr><tr><td>\n  2\n  <\/td><td>\n  \n   Buletinul Monumentelor\n       Istorice, Anul XLI, nr. 2, 1972 &nbsp; \n  \n  <\/td><td>\n  <a href=\"http:\/\/revistamonumenteloristorice.ro\/?articol=57063-hanul-manuc-cercetari-arheologice\">Hanul Manuc &#8211; cercet\u0103ri arheologice, pag. 3-10<\/a>\n  <\/td><td>\n  &nbsp;\n  <\/td><td>\n  \n   PANAIT, Panait I. &nbsp; \n  \n  <\/td><\/tr><tr><td>\n  3\n  <\/td><td>\n  \n   Buletinul Monumentelor\n       Istorice, Anul XLII, nr. 2, 1973 &nbsp; \n  \n  <\/td><td>\n  <a href=\"http:\/\/revistamonumenteloristorice.ro\/?articol=57119-curtea-domneasca-din-bucuresti-in-secolul-al-xvi-lea\">Curtea domneasc\u0103 din Bucure\u0219ti \u00een secolul al XVI-lea, pag.\n  3-9<\/a>\n  <\/td><td>\n  &nbsp;\n  <\/td><td>\n  \n   PANAIT, Panait I. &nbsp; \n  \n  <\/td><\/tr><tr><td>\n  4\n  <\/td><td>\n  \n   Revista Monumentelor\n       Istorice, Anul LXI, nr. 1, 1992 &nbsp; \n  \n  <\/td><td>\n  <a href=\"http:\/\/revistamonumenteloristorice.ro\/?articol=56737-cercetari-privind-biserica-manastirii-cotroceni-din-bucuresti\">Cercet\u0103ri privind biserica M\u0103n\u0103stirii Cotroceni din\n  Bucure\u0219ti, pag. 13-26<\/a>\n  <\/td><td>\n  Studii \u015fi\n  cercet\u0103ri\n  <\/td><td>\n  \n   PANAIT, Panait I. &nbsp; \n  \n  <\/td><\/tr><tr><td>\n  5\n  <\/td><td>\n  \n   Revista Monumentelor\n       Istorice, Anii LXII-LXIII, nr. 1-2, 1993 &#8211; 1994 &nbsp; \n  \n  <\/td><td>\n  <a href=\"http:\/\/revistamonumenteloristorice.ro\/?articol=56780-cladirea-scolii-bulgare-din-bucuresti\">Cl\u0103direa \u0218colii bulgare din Bucure\u0219ti, pag. 181-183<\/a>\n  <\/td><td>\n  Comunic\u0103ri\n  \u015fi note documentare\n  <\/td><td>\n  \n   PANAIT, Panait I. &nbsp; \n  \n  <\/td><\/tr><tr><td>\n  6\n  <\/td><td>\n  \n   Revista Monumentelor\n       Istorice, Anul LXIV, nr. 1-2, 1995 &nbsp; \n  \n  <\/td><td>\n  <a href=\"http:\/\/revistamonumenteloristorice.ro\/?articol=56794-preocupari-ale-arheologiei-romanesti-pentru-cercetarea-si-salvarea-monumentelor-antice-din-dobrogea-in-perioada-1878-1900\">Preocup\u0103ri ale arheologiei rom\u00e2ne\u0219ti pentru cercetarea \u0219i\n  salvarea monumentelor antice din Dobrogea, \u00een perioada 1878-1900, pag.\n  132-135<\/a>\n  <\/td><td>\n  Comunic\u0103ri\n  \u015fi note documentare\n  <\/td><td>\n  \n   PANAIT, Panait I. &nbsp; \n  \n  <\/td><\/tr><tr><td>\n  7\n  <\/td><td>\n  \n   Revista Monumentelor\n       Istorice, Anul LXIV, nr. 1-2, 1995 &nbsp; \n  \n  <\/td><td>\n  <a href=\"http:\/\/revistamonumenteloristorice.ro\/?articol=57762-preocupari-ale-arheologiei-romanesti-pentru-cercetarea-si-salvarea-monumentelor-antice-din-dobrogea-in-perioada-1878-1900\">Preocup\u0103ri ale arheologiei rom\u00e2ne\u0219ti pentru cercetarea \u0219i\n  salvarea monumentelor antice din Dobrogea, \u00een perioada 1878-1900, pag.\n  132-135<\/a>\n  <\/td><td>\n  Comunic\u0103ri\n  \u015fi note documentare\n  <\/td><td>\n  \n   PANAIT, Panait I. &nbsp; \n  \n  <\/td><\/tr><tr><td>\n  8\n  <\/td><td>\n  \n   Revista muzeelor \u0219i\n       monumentelor &#8211; Monumente istorice \u0219i de art\u0103, Anul XLVI, nr. 2, 1977\n       &nbsp; \n  \n  <\/td><td>\n  <a href=\"http:\/\/revistamonumenteloristorice.ro\/?articol=57353-hanul-gabroveni-din-bucuresti\">Hanul Gabroveni din Bucure\u0219ti, pag. 26-29<\/a>\n  <\/td><td>\n  Studii\n  <\/td><td>\n  \n   PANAIT, Panait I. &nbsp; \n  \n  <\/td><\/tr><tr><td>\n  9\n  <\/td><td>\n  \n   Revista muzeelor \u0219i\n       monumentelor &#8211; Monumente istorice \u0219i de art\u0103, Anul XLVII, nr. 1, 1978\n       &nbsp; \n  \n  <\/td><td>\n  <a href=\"http:\/\/revistamonumenteloristorice.ro\/?articol=57391-petre-diaconu-silvia-baraschi-octavian-iliescu-m-mihalcu-pacuiul-lui-soare-ii-asezarea-medievala-ed-academiei-bucuresti-1977\">Petre Diaconu, Silvia Baraschi, Octavian Iliescu, M. Mihalcu,\n  P\u0103cuiul lui Soare( II). A\u0219ezarea medieval\u0103 , Ed. Academiei, Bucure\u0219ti, 1977,\n  pag. 94-94<\/a>\n  <\/td><td>\n  Cronic\u0103 &#8211;\n  Recenzii\n  <\/td><td>\n  \n   PANAIT, Panait I. &nbsp; \n  \n  <\/td><\/tr><tr><td>\n  10\n  <\/td><td>\n  \n   Revista muzeelor \u0219i\n       monumentelor &#8211; Monumente istorice \u0219i de art\u0103, Anul XLVII, nr. 2, 1978\n       &nbsp; \n  \n  <\/td><td>\n  <a href=\"http:\/\/revistamonumenteloristorice.ro\/?articol=57394-contributia-arheologiei-bucurestene-la-cunoasterea-istoriei-capitalei-a-patriei\">Contribu\u021bia arheologiei bucure\u0219tene la cunoa\u0219terea\n  istoriei capitalei, a patriei, pag. 3-6<\/a>\n  <\/td><td>\n  Studii\n  <\/td><td>\n  \n   PANAIT, Panait I. &nbsp; \n  \n  <\/td><\/tr><tr><td>\n  11\n  <\/td><td>\n  \n   Revista muzeelor \u0219i\n       monumentelor &#8211; Monumente istorice \u0219i de art\u0103, Anul XLVII, nr. 2, 1978\n       &nbsp; \n  \n  <\/td><td>\n  <a href=\"http:\/\/revistamonumenteloristorice.ro\/?articol=57398-hanul-cu-tei-din-bucuresti\">Hanul cu Tei din Bucure\u0219ti, pag. 20-24<\/a>\n  <\/td><td>\n  Studii\n  <\/td><td>\n  \n   PANAIT, Panait I. &nbsp; \n  \n  <\/td><\/tr><tr><td>\n  12\n  <\/td><td>\n  \n   Revista muzeelor \u0219i\n       monumentelor &#8211; Monumente istorice \u0219i de art\u0103, Anul XLVIII, nr. 2, 1979\n       &nbsp; \n  \n  <\/td><td>\n  <a href=\"http:\/\/revistamonumenteloristorice.ro\/?articol=57448-corina-nicolescu-case-conace-si-palate-vechi-romanesti-ed-meridiane-1979\">Corina Nicolescu, Case, conace \u0219i palate vechi rom\u00e2ne\u0219ti ,\n  Ed. Meridiane, 1979, pag. 92-92<\/a>\n  <\/td><td>\n  Cronici,\n  recenzii,informa\u0163ii\n  <\/td><td>\n  \n   PANAIT, Panait I. &nbsp; \n  \n  <\/td><\/tr><tr><td>\n  13\n  <\/td><td>\n  \n   Revista muzeelor \u0219i\n       monumentelor &#8211; Monumente istorice \u0219i de art\u0103, Anul XLIX, nr. 1, 1980\n       &nbsp; \n  \n  <\/td><td>\n  <a href=\"http:\/\/revistamonumenteloristorice.ro\/?articol=57454-vlad-tepes-si-cetatea-bucurestilor\">Vlad \u021aepe\u0219 \u0219i cetatea Bucure\u0219tilor, pag. 32-36<\/a>\n  <\/td><td>\n  Studii \u015fi\n  Comunic\u0103ri\n  <\/td><td>\n  \n   PANAIT, Panait I. &nbsp; \n  \n  <\/td><\/tr><tr><td>\n  14\n  <\/td><td>\n  \n   Revista muzeelor \u0219i\n       monumentelor &#8211; Monumente istorice \u0219i de art\u0103, Anul XLIX, nr. 1, 1980\n       &nbsp; \n  \n  <\/td><td>\n  <a href=\"http:\/\/revistamonumenteloristorice.ro\/?articol=57464-profil-profesorul-universitar-doctor-docent-ion-ionascu\">Profil &#8211; Profesorul universitar doctor docent Ion Iona\u0219cu,\n  pag. 80-81<\/a>\n  <\/td><td>\n  Profil\n  <\/td><td>\n  \n   PANAIT, Panait I. &nbsp; \n  \n  <\/td><\/tr><tr><td>\n  15\n  <\/td><td>\n  \n   Revista muzeelor \u0219i\n       monumentelor &#8211; Monumente istorice \u0219i de art\u0103, Anul XIV, nr. 1, 1983\n       &nbsp; \n  \n  <\/td><td>\n  <a href=\"http:\/\/revistamonumenteloristorice.ro\/?articol=57590-dinamica-operei-ctitoricesti-a-epocii-lui-matei-basarab\">Dinamica operei ctitorice\u0219ti a epocii lui Matei Basarab,\n  pag. 56-59<\/a>\n  <\/td><td>\n  Studii \u015fi\n  Comunic\u0103ri\n  <\/td><td>\n  \n   PANAIT, Panait I. &nbsp; \n  \n  <\/td><\/tr><tr><td>\n  16\n  <\/td><td>\n  \n   Revista muzeelor \u0219i\n       monumentelor &#8211; Monumente istorice \u0219i de art\u0103, Anul XIV, nr. 2, 1983\n       &nbsp; \n  \n  <\/td><td>\n  <a href=\"http:\/\/revistamonumenteloristorice.ro\/?articol=57608-aspecte-privind-procesul-de-urbanizare-a-localitatii-calarasi-secolele-xviii-xix\">Aspecte privind procesul de urbanizare a localit\u0103\u021bii\n  C\u0103l\u0103ra\u0219i (secolele XVIII-XIX), pag. 77<\/a>\n  <\/td><td>\n  &nbsp;\n  <\/td><td>\n  \n   PANAIT, Panait I. &nbsp; \n  \n  <\/td><\/tr><tr><td>\n  17\n  <\/td><td>\n  \n   Revista muzeelor \u0219i\n       monumentelor &#8211; Monumente istorice \u0219i de art\u0103, Anul XX, nr. 1, 1989\n       &nbsp; \n  \n  <\/td><td>\n  <a href=\"http:\/\/revistamonumenteloristorice.ro\/?articol=57269-aspecte-ale-activitatii-de-ocrotire-a-monumentelor-bucurestene\">Aspecte ale activit\u0103\u021bii de ocrotire a monumentelor\n  bucure\u0219tene, pag. 9-11<\/a>\n  <\/td><td>\n  Conservare\n  &#8211; restaurare\n  <\/td><td>\n  \n   PANAIT, Panait I. &nbsp; \n  \n  <\/td><\/tr><\/tbody><\/table>\n\n\n\n<p>(Sursa:\n<a href=\"http:\/\/revistamonumenteloristorice.ro\/?autor=11187-panait-panait-i\">http:\/\/revistamonumenteloristorice.ro\/?autor=11187-panait-panait-i<\/a>\n)<\/p>\n","protected":false},"excerpt":{"rendered":"<p>PANAIT, Panait I. (n\u0103scut la 25 noiembrie 1931, \u00een satul Pietroiu, comuna Borcea, jude\u021bul C\u0103l\u0103ra\u0219i \u0219i decedat la 21 martie 2015, la Bucure\u0219ti) Descriere: profesorulPanait I. Panait a v\u0103zut lumina zilei \u00een satul Pietroiu din comuna Borcea, jude\u0163ul C\u0103l\u0103ra\u015fi, \u00een familia preotului Ioan M. Panait \u015fi a preotesei Vasilichia, care locuiau \u00een casa bunicului matern, [&hellip;]<\/p>\n","protected":false},"author":1,"featured_media":0,"parent":0,"menu_order":0,"comment_status":"closed","ping_status":"closed","template":"","meta":{"ngg_post_thumbnail":0,"footnotes":""},"class_list":["post-4223","page","type-page","status-publish","hentry"],"_links":{"self":[{"href":"https:\/\/www.bjcalarasi.ro\/index.php?rest_route=\/wp\/v2\/pages\/4223","targetHints":{"allow":["GET"]}}],"collection":[{"href":"https:\/\/www.bjcalarasi.ro\/index.php?rest_route=\/wp\/v2\/pages"}],"about":[{"href":"https:\/\/www.bjcalarasi.ro\/index.php?rest_route=\/wp\/v2\/types\/page"}],"author":[{"embeddable":true,"href":"https:\/\/www.bjcalarasi.ro\/index.php?rest_route=\/wp\/v2\/users\/1"}],"replies":[{"embeddable":true,"href":"https:\/\/www.bjcalarasi.ro\/index.php?rest_route=%2Fwp%2Fv2%2Fcomments&post=4223"}],"version-history":[{"count":1,"href":"https:\/\/www.bjcalarasi.ro\/index.php?rest_route=\/wp\/v2\/pages\/4223\/revisions"}],"predecessor-version":[{"id":4225,"href":"https:\/\/www.bjcalarasi.ro\/index.php?rest_route=\/wp\/v2\/pages\/4223\/revisions\/4225"}],"wp:attachment":[{"href":"https:\/\/www.bjcalarasi.ro\/index.php?rest_route=%2Fwp%2Fv2%2Fmedia&parent=4223"}],"curies":[{"name":"wp","href":"https:\/\/api.w.org\/{rel}","templated":true}]}}